{"id":25,"date":"2025-12-23T07:51:04","date_gmt":"2025-12-23T07:51:04","guid":{"rendered":"https:\/\/p418941.webspaceconfig.de\/relaunch\/?page_id=25"},"modified":"2026-08-07T03:47:08","modified_gmt":"2026-08-07T03:47:08","slug":"impressum","status":"publish","type":"page","link":"https:\/\/gartenlust.eu\/hu\/impressum\/","title":{"rendered":"Impresszum"},"content":{"rendered":"<div data-elementor-type=\"wp-page\" data-elementor-id=\"25\" class=\"elementor elementor-25\" data-elementor-post-type=\"page\">\n\t\t\t\t<div class=\"elementor-element elementor-element-11820fd e-flex e-con-boxed e-con e-parent\" data-id=\"11820fd\" data-element_type=\"container\" data-e-type=\"container\" data-settings=\"{&quot;background_background&quot;:&quot;classic&quot;}\">\n\t\t\t\t\t<div class=\"e-con-inner\">\n\t\t\t\t<div class=\"elementor-element elementor-element-8da8090 elementor-widget elementor-widget-spacer\" data-id=\"8da8090\" data-element_type=\"widget\" data-e-type=\"widget\" data-widget_type=\"spacer.default\">\n\t\t\t\t\t\t\t<div class=\"elementor-spacer\">\n\t\t\t<div class=\"elementor-spacer-inner\"><\/div>\n\t\t<\/div>\n\t\t\t\t\t\t<\/div>\n\t\t\t\t<div class=\"elementor-element elementor-element-7b398b1 elementor-widget elementor-widget-heading\" data-id=\"7b398b1\" data-element_type=\"widget\" data-e-type=\"widget\" data-widget_type=\"heading.default\">\n\t\t\t\t\t<h2 class=\"elementor-heading-title elementor-size-default\">Impresszum<\/h2>\t\t\t\t<\/div>\n\t\t\t\t<div class=\"elementor-element elementor-element-5d381ab elementor-widget elementor-widget-spacer\" data-id=\"5d381ab\" data-element_type=\"widget\" data-e-type=\"widget\" data-widget_type=\"spacer.default\">\n\t\t\t\t\t\t\t<div class=\"elementor-spacer\">\n\t\t\t<div class=\"elementor-spacer-inner\"><\/div>\n\t\t<\/div>\n\t\t\t\t\t\t<\/div>\n\t\t\t\t<div class=\"elementor-element elementor-element-dc8b594 elementor-widget elementor-widget-heading\" data-id=\"dc8b594\" data-element_type=\"widget\" data-e-type=\"widget\" data-widget_type=\"heading.default\">\n\t\t\t\t\t<h2 class=\"elementor-heading-title elementor-size-default\">Az online port\u00e1l tartalm\u00e1\u00e9rt, koncepci\u00f3j\u00e1\u00e9rt \u00e9s megval\u00f3s\u00edt\u00e1s\u00e1\u00e9rt felel\u0151s:<\/h2>\t\t\t\t<\/div>\n\t\t\t\t<div class=\"elementor-element elementor-element-7aa2750 elementor-widget elementor-widget-text-editor\" data-id=\"7aa2750\" data-element_type=\"widget\" data-e-type=\"widget\" data-widget_type=\"text-editor.default\">\n\t\t\t\t\t\t\t\t\t<p>LOCO Veranstaltungs GmbH<br \/>Innstr. 6<br \/>D-84359 Simbach am Inn<\/p>\t\t\t\t\t\t\t\t<\/div>\n\t\t\t\t<div class=\"elementor-element elementor-element-0d3e5db elementor-widget elementor-widget-heading\" data-id=\"0d3e5db\" data-element_type=\"widget\" data-e-type=\"widget\" data-widget_type=\"heading.default\">\n\t\t\t\t\t<h2 class=\"elementor-heading-title elementor-size-default\">\u00dcgyvezet\u0151 \u00e9s a tartalom\u00e9rt felel\u0151s szem\u00e9ly: <\/h2>\t\t\t\t<\/div>\n\t\t\t\t<div class=\"elementor-element elementor-element-fc0dcc7 elementor-widget elementor-widget-text-editor\" data-id=\"fc0dcc7\" data-element_type=\"widget\" data-e-type=\"widget\" data-widget_type=\"text-editor.default\">\n\t\t\t\t\t\t\t\t\t<p>Corinna Ostermeier<br \/>Telefon: +49 (0) 85 71 \u2013 92 377 00<br \/>Mobil D: +49 \/ 170 \/ 7 91 92 93<br \/>Mobil A: +43 \/ 676 \/ 63 08 004<br \/>Mail: info(at)gartenlust.eu<\/p>\t\t\t\t\t\t\t\t<\/div>\n\t\t\t\t<div class=\"elementor-element elementor-element-72b4f0b elementor-widget elementor-widget-text-editor\" data-id=\"72b4f0b\" data-element_type=\"widget\" data-e-type=\"widget\" data-widget_type=\"text-editor.default\">\n\t\t\t\t\t\t\t\t\t<p>Landshuti J\u00e1r\u00e1sb\u00edr\u00f3s\u00e1g<br \/>HRB-Nr.: 9994<\/p>\t\t\t\t\t\t\t\t<\/div>\n\t\t\t\t<div class=\"elementor-element elementor-element-a287213 elementor-widget elementor-widget-text-editor\" data-id=\"a287213\" data-element_type=\"widget\" data-e-type=\"widget\" data-widget_type=\"text-editor.default\">\n\t\t\t\t\t\t\t\t\t<p>K\u00f6z\u00f6ss\u00e9gi ad\u00f3sz\u00e1m (UID): DE 285165489<br \/>Ad\u00f3sz\u00e1m: 141 \/ 131 \/ 40217<\/p><p>Ausztriai ad\u00f3sz\u00e1m: 68 464 \/ 75 71<\/p>\t\t\t\t\t\t\t\t<\/div>\n\t\t\t\t<div class=\"elementor-element elementor-element-dedf885 elementor-widget elementor-widget-spacer\" data-id=\"dedf885\" data-element_type=\"widget\" data-e-type=\"widget\" data-widget_type=\"spacer.default\">\n\t\t\t\t\t\t\t<div class=\"elementor-spacer\">\n\t\t\t<div class=\"elementor-spacer-inner\"><\/div>\n\t\t<\/div>\n\t\t\t\t\t\t<\/div>\n\t\t\t\t<div class=\"elementor-element elementor-element-08cb588 elementor-widget elementor-widget-heading\" data-id=\"08cb588\" data-element_type=\"widget\" data-e-type=\"widget\" data-widget_type=\"heading.default\">\n\t\t\t\t\t<h2 class=\"elementor-heading-title elementor-size-default\">Szavatoss\u00e1g<\/h2>\t\t\t\t<\/div>\n\t\t\t\t<div class=\"elementor-element elementor-element-fccdf25 elementor-widget elementor-widget-text-editor\" data-id=\"fccdf25\" data-element_type=\"widget\" data-e-type=\"widget\" data-widget_type=\"text-editor.default\">\n\t\t\t\t\t\t\t\t\t<p>T\u00f6reksz\u00fcnk arra, hogy a lehet\u0151 legpontosabb \u00e9s legaktu\u00e1lisabb inform\u00e1ci\u00f3kat ny\u00fajtsuk. Ennek ellen\u00e9re el\u0151fordulhatnak hib\u00e1k. A tartalmakat gondosan \u00e1ll\u00edtottuk \u00f6ssze. Mindazon\u00e1ltal a szerz\u0151k \u00e9s kiad\u00f3k nem v\u00e1llalnak garanci\u00e1t \u00e9s felel\u0151ss\u00e9get az inform\u00e1ci\u00f3k helyess\u00e9g\u00e9\u00e9rt, megb\u00edzhat\u00f3s\u00e1g\u00e1\u00e9rt, teljess\u00e9g\u00e9\u00e9rt \u00e9s aktualit\u00e1s\u00e1\u00e9rt. A weboldal \u00e9s az azon tal\u00e1lhat\u00f3 inform\u00e1ci\u00f3k haszn\u00e1lata saj\u00e1t felel\u0151ss\u00e9gre t\u00f6rt\u00e9nik. A v\u00e1ltoztat\u00e1s jog\u00e1t b\u00e1rmikor fenntartjuk.<\/p>\t\t\t\t\t\t\t\t<\/div>\n\t\t\t\t\t<\/div>\n\t\t\t\t<\/div>\n\t\t<div class=\"elementor-element elementor-element-664c531 e-flex e-con-boxed e-con e-parent\" data-id=\"664c531\" data-element_type=\"container\" data-e-type=\"container\" data-settings=\"{&quot;background_background&quot;:&quot;classic&quot;}\">\n\t\t\t\t\t<div class=\"e-con-inner\">\n\t\t\t\t<div class=\"elementor-element elementor-element-4792880 elementor-widget elementor-widget-spacer\" data-id=\"4792880\" data-element_type=\"widget\" data-e-type=\"widget\" data-widget_type=\"spacer.default\">\n\t\t\t\t\t\t\t<div class=\"elementor-spacer\">\n\t\t\t<div class=\"elementor-spacer-inner\"><\/div>\n\t\t<\/div>\n\t\t\t\t\t\t<\/div>\n\t\t\t\t<div class=\"elementor-element elementor-element-ec1d683 elementor-widget elementor-widget-heading\" data-id=\"ec1d683\" data-element_type=\"widget\" data-e-type=\"widget\" data-widget_type=\"heading.default\">\n\t\t\t\t\t<h2 class=\"elementor-heading-title elementor-size-default\">\n1. Felel\u0151ss\u00e9g korl\u00e1toz\u00e1sa<\/h2>\t\t\t\t<\/div>\n\t\t\t\t<div class=\"elementor-element elementor-element-f96843d elementor-widget elementor-widget-text-editor\" data-id=\"f96843d\" data-element_type=\"widget\" data-e-type=\"widget\" data-widget_type=\"text-editor.default\">\n\t\t\t\t\t\t\t\t\t<p>A jelen weboldal tartalm\u00e1t a lehet\u0151 legnagyobb gondoss\u00e1ggal k\u00e9sz\u00edtett\u00fck el. A szolg\u00e1ltat\u00f3 azonban nem v\u00e1llal garanci\u00e1t a rendelkez\u00e9sre bocs\u00e1tott tartalmak helyess\u00e9g\u00e9\u00e9rt, teljess\u00e9g\u00e9\u00e9rt \u00e9s aktualit\u00e1s\u00e1\u00e9rt. A weboldal tartalm\u00e1nak haszn\u00e1lata a felhaszn\u00e1l\u00f3 saj\u00e1t felel\u0151ss\u00e9g\u00e9re t\u00f6rt\u00e9nik. A n\u00e9vvel ell\u00e1tott bejegyz\u00e9sek az adott szerz\u0151 v\u00e9lem\u00e9ny\u00e9t t\u00fckr\u00f6zik, \u00e9s nem minden esetben egyeznek meg a szolg\u00e1ltat\u00f3 v\u00e9lem\u00e9ny\u00e9vel. A szolg\u00e1ltat\u00f3 weboldal\u00e1nak puszta haszn\u00e1lat\u00e1val semmilyen szerz\u0151d\u00e9ses jogviszony nem j\u00f6n l\u00e9tre a felhaszn\u00e1l\u00f3 \u00e9s a szolg\u00e1ltat\u00f3 k\u00f6z\u00f6tt.<\/p>\t\t\t\t\t\t\t\t<\/div>\n\t\t\t\t<div class=\"elementor-element elementor-element-a8337a8 elementor-widget elementor-widget-heading\" data-id=\"a8337a8\" data-element_type=\"widget\" data-e-type=\"widget\" data-widget_type=\"heading.default\">\n\t\t\t\t\t<h2 class=\"elementor-heading-title elementor-size-default\">2. K\u00fcls\u0151 linkek<\/h2>\t\t\t\t<\/div>\n\t\t\t\t<div class=\"elementor-element elementor-element-2e3bde1 elementor-widget elementor-widget-text-editor\" data-id=\"2e3bde1\" data-element_type=\"widget\" data-e-type=\"widget\" data-widget_type=\"text-editor.default\">\n\t\t\t\t\t\t\t\t\t<p>Ez a weboldal harmadik felek weboldalaira mutat\u00f3 hivatkoz\u00e1sokat (\u201ek\u00fcls\u0151 linkek\u201d) tartalmaz. Ezen weboldalak\u00e9rt azok \u00fczemeltet\u0151i felelnek. A szolg\u00e1ltat\u00f3 a k\u00fcls\u0151 linkek els\u0151 elhelyez\u00e9sekor ellen\u0151rizte a hivatkozott k\u00fcls\u0151 tartalmakat abb\u00f3l a szempontb\u00f3l, hogy fenn\u00e1ll-e esetleges jogs\u00e9rt\u00e9s. Abban az id\u0151pontban jogs\u00e9rt\u00e9s nem volt felismerhet\u0151. A szolg\u00e1ltat\u00f3nak nincs befoly\u00e1sa a hivatkozott oldalak jelenlegi \u00e9s j\u00f6v\u0151beli kialak\u00edt\u00e1s\u00e1ra \u00e9s tartalm\u00e1ra. A k\u00fcls\u0151 linkek elhelyez\u00e9se nem jelenti azt, hogy a szolg\u00e1ltat\u00f3 a hivatkozott vagy linkelt tartalmakat saj\u00e1tj\u00e1nak tekinti. A k\u00fcls\u0151 linkek folyamatos ellen\u0151rz\u00e9se a szolg\u00e1ltat\u00f3t\u00f3l konkr\u00e9t jogs\u00e9rt\u00e9sre utal\u00f3 jel hi\u00e1ny\u00e1ban nem v\u00e1rhat\u00f3 el. Amennyiben azonban jogs\u00e9rt\u00e9s jut tudom\u00e1s\u00e1ra, az ilyen k\u00fcls\u0151 linkeket halad\u00e9ktalanul elt\u00e1vol\u00edtja.<\/p>\t\t\t\t\t\t\t\t<\/div>\n\t\t\t\t<div class=\"elementor-element elementor-element-25b5af4 elementor-widget elementor-widget-heading\" data-id=\"25b5af4\" data-element_type=\"widget\" data-e-type=\"widget\" data-widget_type=\"heading.default\">\n\t\t\t\t\t<h2 class=\"elementor-heading-title elementor-size-default\">3. Szerz\u0151i \u00e9s kapcsol\u00f3d\u00f3 jogok<\/h2>\t\t\t\t<\/div>\n\t\t\t\t<div class=\"elementor-element elementor-element-2cd30d5 elementor-widget elementor-widget-text-editor\" data-id=\"2cd30d5\" data-element_type=\"widget\" data-e-type=\"widget\" data-widget_type=\"text-editor.default\">\n\t\t\t\t\t\t\t\t\t<p>A weboldalon k\u00f6zz\u00e9tett tartalmak a n\u00e9met szerz\u0151i \u00e9s kapcsol\u00f3d\u00f3 jogi v\u00e9delem hat\u00e1lya al\u00e1 tartoznak. Minden, a n\u00e9met szerz\u0151i \u00e9s kapcsol\u00f3d\u00f3 jogi szab\u00e1lyoz\u00e1s \u00e1ltal nem megengedett felhaszn\u00e1l\u00e1shoz a szolg\u00e1ltat\u00f3 vagy az adott jogtulajdonos el\u0151zetes \u00edr\u00e1sbeli hozz\u00e1j\u00e1rul\u00e1sa sz\u00fcks\u00e9ges. Ez k\u00fcl\u00f6n\u00f6sen vonatkozik a tartalmak t\u00f6bbsz\u00f6r\u00f6z\u00e9s\u00e9re, feldolgoz\u00e1s\u00e1ra, ford\u00edt\u00e1s\u00e1ra, t\u00e1rol\u00e1s\u00e1ra, feldolgoz\u00e1s\u00e1ra, illetve adatb\u00e1zisokban vagy m\u00e1s elektronikus m\u00e9di\u00e1ban \u00e9s rendszerekben t\u00f6rt\u00e9n\u0151 megjelen\u00edt\u00e9s\u00e9re. A harmadik felek tartalmai \u00e9s jogai ennek megfelel\u0151en meg vannak jel\u00f6lve. Az egyes tartalmak vagy teljes oldalak enged\u00e9ly n\u00e9lk\u00fcli m\u00e1sol\u00e1sa vagy tov\u00e1bbad\u00e1sa nem megengedett \u00e9s b\u00fcntetend\u0151. Kiz\u00e1r\u00f3lag szem\u00e9lyes, mag\u00e1nc\u00e9l\u00fa \u00e9s nem kereskedelmi haszn\u00e1latra k\u00e9sz\u00edthet\u0151k m\u00e1solatok \u00e9s let\u00f6lt\u00e9sek.<\/p><p>\u00a0<\/p><p>A jelen weboldal idegen frame-ben t\u00f6rt\u00e9n\u0151 megjelen\u00edt\u00e9se kiz\u00e1r\u00f3lag \u00edr\u00e1sos enged\u00e9llyel megengedett.<\/p>\t\t\t\t\t\t\t\t<\/div>\n\t\t\t\t<div class=\"elementor-element elementor-element-e15bdf0 elementor-widget elementor-widget-heading\" data-id=\"e15bdf0\" data-element_type=\"widget\" data-e-type=\"widget\" data-widget_type=\"heading.default\">\n\t\t\t\t\t<h2 class=\"elementor-heading-title elementor-size-default\">4. Adatv\u00e9delem<\/h2>\t\t\t\t<\/div>\n\t\t\t\t<div class=\"elementor-element elementor-element-fa526fa elementor-widget elementor-widget-text-editor\" data-id=\"fa526fa\" data-element_type=\"widget\" data-e-type=\"widget\" data-widget_type=\"text-editor.default\">\n\t\t\t\t\t\t\t\t\t<p>A szolg\u00e1ltat\u00f3 weboldal\u00e1nak megl\u00e1togat\u00e1s\u00e1val a hozz\u00e1f\u00e9r\u00e9sre vonatkoz\u00f3 inform\u00e1ci\u00f3k (d\u00e1tum, id\u0151pont, megtekintett oldal) t\u00e1rol\u00e1sra ker\u00fclhetnek. Ezek az adatok nem min\u0151s\u00fclnek szem\u00e9lyes adatnak, hanem anonimiz\u00e1ltak. Kiz\u00e1r\u00f3lag statisztikai c\u00e9lb\u00f3l ker\u00fclnek ki\u00e9rt\u00e9kel\u00e9sre. Harmadik f\u00e9l r\u00e9sz\u00e9re, sem kereskedelmi, sem nem kereskedelmi c\u00e9lb\u00f3l nem ker\u00fclnek tov\u00e1bb\u00edt\u00e1sra.<\/p><p>\u00a0<\/p><p>A szolg\u00e1ltat\u00f3 kifejezetten felh\u00edvja a figyelmet arra, hogy az interneten t\u00f6rt\u00e9n\u0151 adat\u00e1tvitel (pl. e-mailben t\u00f6rt\u00e9n\u0151 kommunik\u00e1ci\u00f3 eset\u00e9n) biztons\u00e1gi r\u00e9seket tartalmazhat, \u00e9s nem v\u00e9dhet\u0151 teljes m\u00e9rt\u00e9kben harmadik felek hozz\u00e1f\u00e9r\u00e9s\u00e9vel szemben.<\/p><p>\u00a0<\/p><p>Az impresszumban szerepl\u0151 el\u00e9rhet\u0151s\u00e9gek \u00fczleti c\u00e9l\u00fa rekl\u00e1mc\u00e9lokra t\u00f6rt\u00e9n\u0151 felhaszn\u00e1l\u00e1sa kifejezetten nem k\u00edv\u00e1natos, kiv\u00e9ve, ha a szolg\u00e1ltat\u00f3 ehhez el\u0151zetesen \u00edr\u00e1sban hozz\u00e1j\u00e1rult, vagy m\u00e1r fenn\u00e1ll \u00fczleti kapcsolat. A szolg\u00e1ltat\u00f3 \u00e9s a weboldalon megnevezett valamennyi szem\u00e9ly ezennel tiltakozik adataik b\u00e1rmilyen kereskedelmi c\u00e9l\u00fa felhaszn\u00e1l\u00e1sa \u00e9s tov\u00e1bbad\u00e1sa ellen.<\/p>\t\t\t\t\t\t\t\t<\/div>\n\t\t\t\t<div class=\"elementor-element elementor-element-3b4bd42 elementor-widget elementor-widget-heading\" data-id=\"3b4bd42\" data-element_type=\"widget\" data-e-type=\"widget\" data-widget_type=\"heading.default\">\n\t\t\t\t\t<h2 class=\"elementor-heading-title elementor-size-default\">5. K\u00fcl\u00f6nleges felhaszn\u00e1l\u00e1si felt\u00e9telek<\/h2>\t\t\t\t<\/div>\n\t\t\t\t<div class=\"elementor-element elementor-element-bf292ad elementor-widget elementor-widget-text-editor\" data-id=\"bf292ad\" data-element_type=\"widget\" data-e-type=\"widget\" data-widget_type=\"text-editor.default\">\n\t\t\t\t\t\t\t\t\t<p>Amennyiben a weboldal egyes haszn\u00e1lati eseteire k\u00fcl\u00f6nleges felt\u00e9telek vonatkoznak, amelyek elt\u00e9rnek a fent eml\u00edtett 1\u20134. pontokt\u00f3l, arra az adott helyen kifejezetten felh\u00edvjuk a figyelmet. Ilyen esetben az adott egyedi esetre a k\u00fcl\u00f6nleges felhaszn\u00e1l\u00e1si felt\u00e9telek ir\u00e1nyad\u00f3k.<\/p>\t\t\t\t\t\t\t\t<\/div>\n\t\t\t\t<div class=\"elementor-element elementor-element-c8380f4 elementor-widget elementor-widget-text-editor\" data-id=\"c8380f4\" data-element_type=\"widget\" data-e-type=\"widget\" data-widget_type=\"text-editor.default\">\n\t\t\t\t\t\t\t\t\t<p>Google Analytics<\/p>\t\t\t\t\t\t\t\t<\/div>\n\t\t\t\t<div class=\"elementor-element elementor-element-7c140a8 elementor-widget elementor-widget-text-editor\" data-id=\"7c140a8\" data-element_type=\"widget\" data-e-type=\"widget\" data-widget_type=\"text-editor.default\">\n\t\t\t\t\t\t\t\t\t<p>Ez a weboldal a Google Inc. (\u201eGoogle\u201d) Google Analytics nev\u0171 webelemz\u0151 szolg\u00e1ltat\u00e1s\u00e1t haszn\u00e1lja. A Google Analytics \u00fagynevezett \u201ecookie\u201d-kat, azaz sz\u00f6vegf\u00e1jlokat haszn\u00e1l, amelyeket az \u00d6n sz\u00e1m\u00edt\u00f3g\u00e9p\u00e9n t\u00e1rolnak, \u00e9s amelyek lehet\u0151v\u00e9 teszik a weboldal haszn\u00e1lat\u00e1nak elemz\u00e9s\u00e9t.<br \/>A cookie \u00e1ltal l\u00e9trehozott, a weboldal haszn\u00e1lat\u00e1ra vonatkoz\u00f3 inform\u00e1ci\u00f3k (bele\u00e9rtve az \u00d6n IP-c\u00edm\u00e9t is) a Google egyes\u00fclt \u00e1llamokbeli szerver\u00e9re ker\u00fclnek tov\u00e1bb\u00edt\u00e1sra \u00e9s ott t\u00e1rol\u00e1sra. A Google ezeket az inform\u00e1ci\u00f3kat arra haszn\u00e1lja, hogy ki\u00e9rt\u00e9kelje a weboldal \u00d6n \u00e1ltali haszn\u00e1lat\u00e1t, jelent\u00e9seket k\u00e9sz\u00edtsen a weboldal \u00fczemeltet\u0151i sz\u00e1m\u00e1ra a weboldalon v\u00e9gzett tev\u00e9kenys\u00e9gekr\u0151l, valamint tov\u00e1bbi, a weboldal \u00e9s az internet haszn\u00e1lat\u00e1val kapcsolatos szolg\u00e1ltat\u00e1sokat ny\u00fajtson.<br \/>A Google ezeket az inform\u00e1ci\u00f3kat adott esetben harmadik f\u00e9l r\u00e9sz\u00e9re is tov\u00e1bb\u00edthatja, amennyiben ezt jogszab\u00e1ly \u00edrja el\u0151, vagy ha a harmadik f\u00e9l az adatokat a Google megb\u00edz\u00e1s\u00e1b\u00f3l dolgozza fel. A Google semmilyen esetben nem kapcsolja \u00f6ssze az \u00d6n IP-c\u00edm\u00e9t a Google m\u00e1s adataival.<br \/>A cookie-k telep\u00edt\u00e9s\u00e9t b\u00f6ng\u00e9sz\u0151szoftvere megfelel\u0151 be\u00e1ll\u00edt\u00e1s\u00e1val megakad\u00e1lyozhatja; felh\u00edvjuk azonban figyelm\u00e9t arra, hogy ebben az esetben el\u0151fordulhat, hogy a weboldal egyes funkci\u00f3it nem tudja teljes k\u00f6r\u0171en haszn\u00e1lni.<br \/>A weboldal haszn\u00e1lat\u00e1val \u00d6n hozz\u00e1j\u00e1rul ahhoz, hogy a Google az \u00d6nr\u0151l gy\u0171jt\u00f6tt adatokat a fent le\u00edrt m\u00f3don \u00e9s a fent megnevezett c\u00e9lb\u00f3l kezelje.<\/p>\t\t\t\t\t\t\t\t<\/div>\n\t\t\t\t<div class=\"elementor-element elementor-element-369c97e elementor-widget elementor-widget-spacer\" data-id=\"369c97e\" data-element_type=\"widget\" data-e-type=\"widget\" data-widget_type=\"spacer.default\">\n\t\t\t\t\t\t\t<div class=\"elementor-spacer\">\n\t\t\t<div class=\"elementor-spacer-inner\"><\/div>\n\t\t<\/div>\n\t\t\t\t\t\t<\/div>\n\t\t\t\t<div class=\"elementor-element elementor-element-f5b2a6a elementor-widget elementor-widget-text-editor\" data-id=\"f5b2a6a\" data-element_type=\"widget\" data-e-type=\"widget\" data-widget_type=\"text-editor.default\">\n\t\t\t\t\t\t\t\t\t<p>Nincs figyelmeztet\u00e9s el\u0151zetes kapcsolatfelv\u00e9tel n\u00e9lk\u00fcl!<br \/>Amennyiben a www.gartenlust.eu domain vagy annak aloldalai \u00e9s hivatkoz\u00e1sai b\u00e1rmilyen tartalma s\u00e9rti harmadik felek jogait, jogszab\u00e1lyi rendelkez\u00e9seket, vagy versenyjogi szempontb\u00f3l nem kifog\u00e1stalan, k\u00e9rj\u00fck, hogy a n\u00e9met UWG 8. \u00a7 (4) bekezd\u00e9s\u00e9re hivatkozva, k\u00f6lts\u00e9gjegyz\u00e9k n\u00e9lk\u00fcl, megfelel\u0151 \u00e9s kell\u0151en r\u00e9szletes t\u00e1j\u00e9koztat\u00e1st k\u00fcldjenek. Ebben az esetben a kifog\u00e1solt r\u00e9szeket megfelel\u0151 hat\u00e1rid\u0151n bel\u00fcl kieg\u00e9sz\u00edtj\u00fck vagy m\u00f3dos\u00edtjuk.<\/p>\t\t\t\t\t\t\t\t<\/div>\n\t\t\t\t<div class=\"elementor-element elementor-element-3686a56 elementor-widget elementor-widget-text-editor\" data-id=\"3686a56\" data-element_type=\"widget\" data-e-type=\"widget\" data-widget_type=\"text-editor.default\">\n\t\t\t\t\t\t\t\t\t<p>Az impresszum az al\u00e1bbi k\u00f6z\u00f6ss\u00e9gim\u00e9dia-profilokra is \u00e9rv\u00e9nyes:<br \/>Facebook: <span style=\"text-decoration: underline;\"><a href=\"https:\/\/www.facebook.com\/gartenlust.winterlust\">https:\/\/www.facebook.com\/gartenlust.winterlust<\/a><\/span><\/p><p>Instagram: <span style=\"text-decoration: underline;\"><a href=\"https:\/\/www.instagram.com\/gartenlust_ig\">https:\/\/www.instagram.com\/gartenlust_ig<\/a><\/span><\/p>\t\t\t\t\t\t\t\t<\/div>\n\t\t\t\t\t<\/div>\n\t\t\t\t<\/div>\n\t\t\t\t<\/div>","protected":false},"excerpt":{"rendered":"<p>Impressum Verantwortlich f\u00fcr Inhalt, Konzeption &amp; Realisierung des Onlineportals: LOCO Veranstaltungs GmbHInnstr. 6D-84359 Simbach am Inn Gesch\u00e4ftsf\u00fchrerin und verantwortlich f\u00fcr den Inhalt: Corinna OstermeierTelefon: +49 (0) 85 71 \u2013 92 377 00Mobil D: +49 \/ 170 \/ 7 91 92 93Mobil A: +43 \/ 676 \/ 63 08 004Mail: info(at)gartenlust.eu Amtsgericht LandshutHRB-Nr.: 9994 Umsatzsteuer-Identnummer (UID): [&hellip;]<\/p>\n","protected":false},"author":1,"featured_media":0,"parent":0,"menu_order":0,"comment_status":"closed","ping_status":"closed","template":"elementor_header_footer","meta":{"_acf_changed":false,"footnotes":""},"class_list":["post-25","page","type-page","status-publish","hentry"],"acf":[],"yoast_head":"<!-- This site is optimized with the Yoast SEO plugin v28.4 - https:\/\/yoast.com\/product\/yoast-seo-wordpress\/ -->\n<title>GartenLust | Impressum<\/title>\n<meta name=\"description\" content=\"Impressum von GartenLust: Anbieterkennzeichnung, Kontaktdaten sowie rechtliche Informationen zur Website gartenlust.eu.\" \/>\n<meta name=\"robots\" content=\"index, follow, max-snippet:-1, max-image-preview:large, max-video-preview:-1\" \/>\n<link rel=\"canonical\" href=\"https:\/\/gartenlust.eu\/hu\/impressum\/\" \/>\n<meta property=\"og:locale\" content=\"hu_HU\" \/>\n<meta property=\"og:type\" content=\"article\" \/>\n<meta property=\"og:title\" content=\"GartenLust | Impressum\" \/>\n<meta property=\"og:description\" content=\"Impressum von GartenLust: Anbieterkennzeichnung, Kontaktdaten sowie rechtliche Informationen zur Website gartenlust.eu.\" \/>\n<meta property=\"og:url\" content=\"https:\/\/gartenlust.eu\/hu\/impressum\/\" \/>\n<meta property=\"article:publisher\" content=\"https:\/\/www.facebook.com\/gartenlust.winterlust\" \/>\n<meta property=\"article:modified_time\" content=\"2026-08-07T03:47:08+00:00\" \/>\n<meta property=\"og:image\" content=\"https:\/\/gartenlust.eu\/wp-content\/uploads\/2026\/02\/1.jpg\" \/>\n\t<meta property=\"og:image:width\" content=\"1600\" \/>\n\t<meta property=\"og:image:height\" content=\"1050\" \/>\n\t<meta property=\"og:image:type\" content=\"image\/jpeg\" \/>\n<meta name=\"twitter:card\" content=\"summary_large_image\" \/>\n<meta name=\"twitter:label1\" content=\"Becs\u00fclt olvas\u00e1si id\u0151\" \/>\n\t<meta name=\"twitter:data1\" content=\"5 perc\" \/>\n<script type=\"application\/ld+json\" class=\"yoast-schema-graph\">{\"@context\":\"https:\\\/\\\/schema.org\",\"@graph\":[{\"@type\":\"WebPage\",\"@id\":\"https:\\\/\\\/gartenlust.eu\\\/impressum\\\/\",\"url\":\"https:\\\/\\\/gartenlust.eu\\\/impressum\\\/\",\"name\":\"GartenLust | Impressum\",\"isPartOf\":{\"@id\":\"https:\\\/\\\/gartenlust.eu\\\/#website\"},\"datePublished\":\"2025-12-23T07:51:04+00:00\",\"dateModified\":\"2026-08-07T03:47:08+00:00\",\"description\":\"Impressum von GartenLust: Anbieterkennzeichnung, Kontaktdaten sowie rechtliche Informationen zur Website gartenlust.eu.\",\"breadcrumb\":{\"@id\":\"https:\\\/\\\/gartenlust.eu\\\/impressum\\\/#breadcrumb\"},\"inLanguage\":\"hu\",\"potentialAction\":[{\"@type\":\"ReadAction\",\"target\":[\"https:\\\/\\\/gartenlust.eu\\\/impressum\\\/\"]}]},{\"@type\":\"BreadcrumbList\",\"@id\":\"https:\\\/\\\/gartenlust.eu\\\/impressum\\\/#breadcrumb\",\"itemListElement\":[{\"@type\":\"ListItem\",\"position\":1,\"name\":\"Home\",\"item\":\"https:\\\/\\\/gartenlust.eu\\\/\"},{\"@type\":\"ListItem\",\"position\":2,\"name\":\"Impressum\"}]},{\"@type\":\"WebSite\",\"@id\":\"https:\\\/\\\/gartenlust.eu\\\/#website\",\"url\":\"https:\\\/\\\/gartenlust.eu\\\/\",\"name\":\"gartenlust.eu\",\"description\":\"\",\"publisher\":{\"@id\":\"https:\\\/\\\/gartenlust.eu\\\/#organization\"},\"alternateName\":\"GartenLust\",\"potentialAction\":[{\"@type\":\"SearchAction\",\"target\":{\"@type\":\"EntryPoint\",\"urlTemplate\":\"https:\\\/\\\/gartenlust.eu\\\/?s={search_term_string}\"},\"query-input\":{\"@type\":\"PropertyValueSpecification\",\"valueRequired\":true,\"valueName\":\"search_term_string\"}}],\"inLanguage\":\"hu\"},{\"@type\":\"Organization\",\"@id\":\"https:\\\/\\\/gartenlust.eu\\\/#organization\",\"name\":\"GartenLust\",\"url\":\"https:\\\/\\\/gartenlust.eu\\\/\",\"logo\":{\"@type\":\"ImageObject\",\"inLanguage\":\"hu\",\"@id\":\"https:\\\/\\\/gartenlust.eu\\\/#\\\/schema\\\/logo\\\/image\\\/\",\"url\":\"https:\\\/\\\/gartenlust.eu\\\/wp-content\\\/uploads\\\/2025\\\/12\\\/logo_neu.png\",\"contentUrl\":\"https:\\\/\\\/gartenlust.eu\\\/wp-content\\\/uploads\\\/2025\\\/12\\\/logo_neu.png\",\"width\":472,\"height\":137,\"caption\":\"GartenLust\"},\"image\":{\"@id\":\"https:\\\/\\\/gartenlust.eu\\\/#\\\/schema\\\/logo\\\/image\\\/\"},\"sameAs\":[\"https:\\\/\\\/www.facebook.com\\\/gartenlust.winterlust\"]}]}<\/script>\n<!-- \/ Yoast SEO plugin. -->","yoast_head_json":{"title":"GartenLust | Impressum","description":"Impressum von GartenLust: Anbieterkennzeichnung, Kontaktdaten sowie rechtliche Informationen zur Website gartenlust.eu.","robots":{"index":"index","follow":"follow","max-snippet":"max-snippet:-1","max-image-preview":"max-image-preview:large","max-video-preview":"max-video-preview:-1"},"canonical":"https:\/\/gartenlust.eu\/hu\/impressum\/","og_locale":"hu_HU","og_type":"article","og_title":"GartenLust | Impressum","og_description":"Impressum von GartenLust: Anbieterkennzeichnung, Kontaktdaten sowie rechtliche Informationen zur Website gartenlust.eu.","og_url":"https:\/\/gartenlust.eu\/hu\/impressum\/","article_publisher":"https:\/\/www.facebook.com\/gartenlust.winterlust","article_modified_time":"2026-08-07T03:47:08+00:00","og_image":[{"width":1600,"height":1050,"url":"https:\/\/gartenlust.eu\/wp-content\/uploads\/2026\/02\/1.jpg","type":"image\/jpeg"}],"twitter_card":"summary_large_image","twitter_misc":{"Becs\u00fclt olvas\u00e1si id\u0151":"5 perc"},"schema":{"@context":"https:\/\/schema.org","@graph":[{"@type":"WebPage","@id":"https:\/\/gartenlust.eu\/impressum\/","url":"https:\/\/gartenlust.eu\/impressum\/","name":"GartenLust | Impressum","isPartOf":{"@id":"https:\/\/gartenlust.eu\/#website"},"datePublished":"2025-12-23T07:51:04+00:00","dateModified":"2026-08-07T03:47:08+00:00","description":"Impressum von GartenLust: Anbieterkennzeichnung, Kontaktdaten sowie rechtliche Informationen zur Website gartenlust.eu.","breadcrumb":{"@id":"https:\/\/gartenlust.eu\/impressum\/#breadcrumb"},"inLanguage":"hu","potentialAction":[{"@type":"ReadAction","target":["https:\/\/gartenlust.eu\/impressum\/"]}]},{"@type":"BreadcrumbList","@id":"https:\/\/gartenlust.eu\/impressum\/#breadcrumb","itemListElement":[{"@type":"ListItem","position":1,"name":"Home","item":"https:\/\/gartenlust.eu\/"},{"@type":"ListItem","position":2,"name":"Impressum"}]},{"@type":"WebSite","@id":"https:\/\/gartenlust.eu\/#website","url":"https:\/\/gartenlust.eu\/","name":"gartenlust.eu","description":"","publisher":{"@id":"https:\/\/gartenlust.eu\/#organization"},"alternateName":"GartenLust","potentialAction":[{"@type":"SearchAction","target":{"@type":"EntryPoint","urlTemplate":"https:\/\/gartenlust.eu\/?s={search_term_string}"},"query-input":{"@type":"PropertyValueSpecification","valueRequired":true,"valueName":"search_term_string"}}],"inLanguage":"hu"},{"@type":"Organization","@id":"https:\/\/gartenlust.eu\/#organization","name":"GartenLust","url":"https:\/\/gartenlust.eu\/","logo":{"@type":"ImageObject","inLanguage":"hu","@id":"https:\/\/gartenlust.eu\/#\/schema\/logo\/image\/","url":"https:\/\/gartenlust.eu\/wp-content\/uploads\/2025\/12\/logo_neu.png","contentUrl":"https:\/\/gartenlust.eu\/wp-content\/uploads\/2025\/12\/logo_neu.png","width":472,"height":137,"caption":"GartenLust"},"image":{"@id":"https:\/\/gartenlust.eu\/#\/schema\/logo\/image\/"},"sameAs":["https:\/\/www.facebook.com\/gartenlust.winterlust"]}]}},"_links":{"self":[{"href":"https:\/\/gartenlust.eu\/hu\/wp-json\/wp\/v2\/pages\/25","targetHints":{"allow":["GET"]}}],"collection":[{"href":"https:\/\/gartenlust.eu\/hu\/wp-json\/wp\/v2\/pages"}],"about":[{"href":"https:\/\/gartenlust.eu\/hu\/wp-json\/wp\/v2\/types\/page"}],"author":[{"embeddable":true,"href":"https:\/\/gartenlust.eu\/hu\/wp-json\/wp\/v2\/users\/1"}],"replies":[{"embeddable":true,"href":"https:\/\/gartenlust.eu\/hu\/wp-json\/wp\/v2\/comments?post=25"}],"version-history":[{"count":82,"href":"https:\/\/gartenlust.eu\/hu\/wp-json\/wp\/v2\/pages\/25\/revisions"}],"predecessor-version":[{"id":5840,"href":"https:\/\/gartenlust.eu\/hu\/wp-json\/wp\/v2\/pages\/25\/revisions\/5840"}],"wp:attachment":[{"href":"https:\/\/gartenlust.eu\/hu\/wp-json\/wp\/v2\/media?parent=25"}],"curies":[{"name":"wp","href":"https:\/\/api.w.org\/{rel}","templated":true}]}}